{"id":30,"date":"2020-01-30T09:55:11","date_gmt":"2020-01-30T09:55:11","guid":{"rendered":"http:\/\/www.socialnesrdcom.sk\/?page_id=30"},"modified":"2020-09-23T06:37:15","modified_gmt":"2020-09-23T06:37:15","slug":"o-nas","status":"publish","type":"page","link":"https:\/\/www.socialnesrdcom.sk\/?page_id=30","title":{"rendered":"O n\u00e1s"},"content":{"rendered":"<section class=\"kc-elm kc-css-591095 kc_row\"><div class=\"kc-row-container  kc-container\"><div class=\"kc-wrap-columns\"><div class=\"kc-elm kc-css-583855 kc_column kc_col-sm-12\"><div class=\"kc-col-container\"><div class=\"kc-elm kc-css-600540 kc_text_block\">\n<div id=\"imCell_3\">\n<div id=\"imCellStyle_3\" data-responsive-sequence-number=\"1\">\n<div id=\"imTextObject_3\">\n<div id=\"imTextObject_3_tab0\" class=\"text-tab-content\">\n<div class=\"text-inner\">\n<div><a href=\"http:\/\/www.socialnesrdcom.sk\/wp-content\/uploads\/2020\/09\/Organizacnyporiadok-01-10-2020.pdf\" target=\"_blank\" rel=\"noopener\"><span class=\"fs16\"><b><span class=\"cf1\">Organiza\u010dn\u00fd poriadok<\/span><\/b><\/span><\/a><\/div>\n<div><span class=\"fs16\"><b><span class=\"cf1\">\u00a0<\/span><\/b><\/span><\/div>\n<div><span class=\"fs16\"><b><span class=\"cf1\"><a href=\"http:\/\/www.socialnesrdcom.sk\/wp-content\/uploads\/2020\/09\/Organizacna-struktura-01-10-2020.pdf\" target=\"_blank\" rel=\"noopener\">Organiza\u010dn\u00e1 \u0161trukt\u00fara<\/a><br \/><\/span><\/b><\/span><\/div>\n<div><span class=\"fs16\"><b><span class=\"cf1\">\u00a0<\/span><\/b><\/span><\/div>\n<div><span class=\"fs16\"><b><span class=\"cf1\">Hist\u00f3ria zariadenia<\/span><\/b><\/span><\/div>\n<div>\u00a0<\/div>\n<div><span class=\"fs16 cf2\">Centrum soci\u00e1lnych slu\u017eieb Ke\u017emarok zriadil Okresn\u00fd \u00farad v Poprade 1. apr\u00edla 1992 vtedy pod n\u00e1zvom \u00dastav soci\u00e1lnej starostlivosti s denn\u00fdm pobytom v \u013dubici. Vznikol d\u00f4kladnou rekon\u0161trukciou v\u00e4\u010d\u0161ieho kamenn\u00e9ho, pribli\u017ene 100 ro\u010dn\u00e9ho rodinn\u00e9ho domu, v snahe zabezpe\u010di\u0165 po\u017eadovan\u00e9 slu\u017eby pre ment\u00e1lne postihnut\u00e9 deti z vtedaj\u0161ieho okresu Poprad. \u017diadne podobn\u00e9 zariadenie toti\u017e v bl\u00edzkom okol\u00ed nebolo. Jeho prev\u00e1dzka bola od 1. apr\u00edla 1993 roz\u0161\u00edren\u00e1 na t\u00fd\u017edenn\u00fd a celoro\u010dn\u00fd pobyt.<\/span><\/div>\n<div><span class=\"fs16 cf2\">D\u0148a 23.7.2013 bola sl\u00e1vnostne otvoren\u00e1 nov\u00e1 prev\u00e1dzka Centra soci\u00e1lnych slu\u017eieb na adrese Pod lesom 6, Ke\u017emarok, kde sa slu\u017eby poskytuj\u00fa ambulantnou formou.<\/span><\/div>\n<\/div>\n<\/div>\n<\/div>\n<\/div>\n<\/div>\n<div>\u00a0<\/div>\n<div id=\"imCell_4\">\n<div id=\"imCellStyle_4\" data-responsive-sequence-number=\"2\">\n<div id=\"imTextObject_4\">\n<div id=\"imTextObject_4_tab0\" class=\"text-tab-content\">\n<div class=\"text-inner\">\n<div><span class=\"fs16\"><b><span class=\"cf1\">S\u00fa\u010dasn\u00fd stav<\/span><\/b><\/span><\/div>\n<div>\u00a0<\/div>\n<div>\n<div><span class=\"fs16 cf2\">Centrum soci\u00e1lnych slu\u017eieb je samostatn\u00e1 rozpo\u010dtov\u00e1 organiz\u00e1cia. <\/span><\/div>\n<div>\u00a0<\/div>\n<div><span class=\"fs16 cf2\">V Centre soci\u00e1lnych slu\u017eieb je mo\u017en\u00e9 poskytn\u00fa\u0165 soci\u00e1lnu slu\u017ebu fyzickej osobe, ktor\u00e1 je odk\u00e1zan\u00e1 na pomoc inej fyzickej osoby a jej stupe\u0148 odk\u00e1zanosti je najmenej V. pod\u013ea pr\u00edlohy \u010d. 3, alebo fyzickej osobe, ktor\u00e1 je nevidiaca alebo prakticky nevidiaca a jej stupe\u0148 odk\u00e1zanosti je najmenej III. pod\u013ea pr\u00edlohy \u010d. 3 z\u00e1kona NR SR \u010d. 448\/2008 Z. z. o soci\u00e1lnych slu\u017eb\u00e1ch v znen\u00ed neskor\u0161\u00edch prepisov. <\/span><\/div>\n<div>\u00a0<\/div>\n<p>V Centre soci\u00e1lnych slu\u017eieb Ke\u017emarok pracuje 30-\u010dlenn\u00fd kolekt\u00edv (riadite\u013eka, ved\u00faci soci\u00e1lneho \u00faseku, ekon\u00f3m, mzdov\u00e1 \u00fa\u010dtovn\u00ed\u010dka, samostatn\u00e1 odborn\u00e1 referentka, sestra, fyzioterapeut, ergoterapeut, soci\u00e1lne pracovn\u00ed\u010dky,\u00a0 in\u0161truktori soci\u00e1lnej rehabilit\u00e1cie, soci\u00e1lny terapeut, psychol\u00f3g, \u0161peci\u00e1lny pedag\u00f3g, opatrovate\u013eky, opatrovate\u013eka-pomocn\u00e1 kuch\u00e1rka, \u00a0kuch\u00e1rky, kraj\u010d\u00edrka-pr\u00e1\u010dka-upratova\u010dka, vodi\u010d-\u00fadr\u017eb\u00e1r-kuri\u010d).<br \/>V\u00fdhoda tohto centra je v tom, \u017ee medzi prij\u00edmate\u013emi a pracovn\u00edkmi je vytvoren\u00fd \u00fazky kontakt a citov\u00e1 v\u00e4zba, \u010do prij\u00edmate\u013eom d\u00e1va pocit druh\u00e9ho domova a oni sa v \u0148om c\u00edtia dobre.<\/p>\n<p><strong>\u00a0<\/strong><\/p>\n<div>\u00a0<\/div>\n<\/div>\n<\/div>\n<\/div>\n<\/div>\n<\/div>\n<\/div>\n<\/div><\/div><\/div><\/div><\/div><\/section>\n","protected":false},"excerpt":{"rendered":"","protected":false},"author":2,"featured_media":0,"parent":0,"menu_order":0,"comment_status":"closed","ping_status":"closed","template":"","meta":{"footnotes":""},"class_list":["post-30","page","type-page","status-publish","hentry"],"_links":{"self":[{"href":"https:\/\/www.socialnesrdcom.sk\/index.php?rest_route=\/wp\/v2\/pages\/30","targetHints":{"allow":["GET"]}}],"collection":[{"href":"https:\/\/www.socialnesrdcom.sk\/index.php?rest_route=\/wp\/v2\/pages"}],"about":[{"href":"https:\/\/www.socialnesrdcom.sk\/index.php?rest_route=\/wp\/v2\/types\/page"}],"author":[{"embeddable":true,"href":"https:\/\/www.socialnesrdcom.sk\/index.php?rest_route=\/wp\/v2\/users\/2"}],"replies":[{"embeddable":true,"href":"https:\/\/www.socialnesrdcom.sk\/index.php?rest_route=%2Fwp%2Fv2%2Fcomments&post=30"}],"version-history":[{"count":7,"href":"https:\/\/www.socialnesrdcom.sk\/index.php?rest_route=\/wp\/v2\/pages\/30\/revisions"}],"predecessor-version":[{"id":1342,"href":"https:\/\/www.socialnesrdcom.sk\/index.php?rest_route=\/wp\/v2\/pages\/30\/revisions\/1342"}],"wp:attachment":[{"href":"https:\/\/www.socialnesrdcom.sk\/index.php?rest_route=%2Fwp%2Fv2%2Fmedia&parent=30"}],"curies":[{"name":"wp","href":"https:\/\/api.w.org\/{rel}","templated":true}]}}